{"version":"1.0","provider_name":"Beatificaci\u00f3n de Monse\u00f1or Romero","provider_url":"http:\/\/especiales.laprensagrafica.com\/2015\/beatificacion-romero","author_name":"Juan Carlos Rivas","author_url":"http:\/\/especiales.laprensagrafica.com\/2015\/beatificacion-romero\/author\/jrivas\/","title":"El beato en la \u201cmonplesa\u201d - Beatificaci\u00f3n de Monse\u00f1or Romero","type":"rich","width":600,"height":338,"html":"<blockquote class=\"wp-embedded-content\" data-secret=\"Fk25D2Akur\"><a href=\"http:\/\/especiales.laprensagrafica.com\/2015\/beatificacion-romero\/el-beato-en-la-monplesa\/\">El beato en la \u201cmonplesa\u201d<\/a><\/blockquote><iframe sandbox=\"allow-scripts\" security=\"restricted\" src=\"http:\/\/especiales.laprensagrafica.com\/2015\/beatificacion-romero\/el-beato-en-la-monplesa\/embed\/#?secret=Fk25D2Akur\" width=\"600\" height=\"338\" title=\"\u00abEl beato en la \u201cmonplesa\u201d\u00bb \u2014 Beatificaci\u00f3n de Monse\u00f1or Romero\" data-secret=\"Fk25D2Akur\" frameborder=\"0\" marginwidth=\"0\" marginheight=\"0\" scrolling=\"no\" class=\"wp-embedded-content\"><\/iframe><script type=\"text\/javascript\">\n\/*! This file is auto-generated *\/\n!function(c,l){\"use strict\";var e=!1,o=!1;if(l.querySelector)if(c.addEventListener)e=!0;if(c.wp=c.wp||{},c.wp.receiveEmbedMessage);else if(c.wp.receiveEmbedMessage=function(e){var t=e.data;if(!t);else if(!(t.secret||t.message||t.value));else if(\/[^a-zA-Z0-9]\/.test(t.secret));else{for(var r,s,a,i=l.querySelectorAll('iframe[data-secret=\"'+t.secret+'\"]'),n=l.querySelectorAll('blockquote[data-secret=\"'+t.secret+'\"]'),o=0;o<n.length;o++)n[o].style.display=\"none\";for(o=0;o<i.length;o++)if(r=i[o],e.source!==r.contentWindow);else{if(r.removeAttribute(\"style\"),\"height\"===t.message){if(1e3<(s=parseInt(t.value,10)))s=1e3;else if(~~s<200)s=200;r.height=s}if(\"link\"===t.message)if(s=l.createElement(\"a\"),a=l.createElement(\"a\"),s.href=r.getAttribute(\"src\"),a.href=t.value,a.host===s.host)if(l.activeElement===r)c.top.location.href=t.value}}},e)c.addEventListener(\"message\",c.wp.receiveEmbedMessage,!1),l.addEventListener(\"DOMContentLoaded\",t,!1),c.addEventListener(\"load\",t,!1);function t(){if(o);else{o=!0;for(var e,t,r,s=-1!==navigator.appVersion.indexOf(\"MSIE 10\"),a=!!navigator.userAgent.match(\/Trident.*rv:11\\.\/),i=l.querySelectorAll(\"iframe.wp-embedded-content\"),n=0;n<i.length;n++){if(!(r=(t=i[n]).getAttribute(\"data-secret\")))r=Math.random().toString(36).substr(2,10),t.src+=\"#?secret=\"+r,t.setAttribute(\"data-secret\",r);if(s||a)(e=t.cloneNode(!0)).removeAttribute(\"security\"),t.parentNode.replaceChild(e,t);t.contentWindow.postMessage({message:\"ready\",secret:r},\"*\")}}}}(window,document);\n<\/script>\n","thumbnail_url":"https:\/\/i0.wp.com\/especiales.laprensagrafica.com\/2015\/beatificacion-romero\/wp-content\/uploads\/2015\/05\/Nas052515CronicaSilva-photo02-FileAttachment.jpg?fit=500%2C346","thumbnail_width":500,"thumbnail_height":346,"description":"Un centenar de compatriotas se reuni\u00f3 el s\u00e1bado por la tarde en la m\u00edtica plaza Lamont en Washington, D. C., Estados Unidos, para celebrar, desde lejos, la beatificaci\u00f3n de Monse\u00f1or \u00d3scar Arnulfo Romero. Por H\u00e9ctor Silva \u00c1valos* Lita Trejo es maestra. Lleva poco m\u00e1s de una d\u00e9cada ayudando a j\u00f3venes centroamericanos reci\u00e9n llegados a la..."}